{"id":33000,"date":"2025-04-07T14:37:35","date_gmt":"2025-04-07T12:37:35","guid":{"rendered":"https:\/\/www.buhl.de\/buero\/?page_id=33000"},"modified":"2025-05-26T09:36:26","modified_gmt":"2025-05-26T07:36:26","slug":"kassenmeldepflicht-mbd","status":"publish","type":"page","link":"https:\/\/www.buhl.de\/buero\/kassenmeldepflicht-mbd\/","title":{"rendered":"GADS | MB Desktop | Kassenmeldepflicht"},"content":{"rendered":"\n<section class=\"wp-block-meinbuero22-intro-section is-style-gradient mb-0-all is-style-no-smile-no-container\" id=\"uebersicht\"><div class=\"wp-block-meinbuero22-intro-section__media\" style=\"background:linear-gradient(135deg,rgb(255,255,255) 0%,rgb(223,219,212) 100%)\"><\/div><div class=\"wp-block-meinbuero22-intro-section__content\">\n<div class=\"wp-block-columns is-layout-flex wp-container-core-columns-is-layout-9d6595d7 wp-block-columns-is-layout-flex\">\n<div class=\"wp-block-column is-layout-flow wp-block-column-is-layout-flow\" style=\"flex-basis:50%\">\n<div style=\"height:10px\" aria-hidden=\"true\" class=\"wp-block-spacer\"><\/div>\n\n\n\n<h1 class=\"wp-block-heading has-text-align-left is-style-alternative\" id=\"h-wiso-meinburo-desktop\">WISO MeinB\u00fcro Desktop<\/h1>\n\n\n\n<h2 class=\"wp-block-heading is-style-startseite\" id=\"h-tse-meldepflicht-fur-registrierkasse-ab-juli-2025\">TSE-Meldepflicht f\u00fcr Registrierkasse \u2013 ab Juli 2025!<\/h2>\n\n\n\n<ul class=\"wp-block-list is-style-checked-simple has-buhl-blau-color has-text-color has-link-color wp-elements-08ff0f7ee35d3c87a702dc78d43febf7\">\n<li>Die einfache Hard-und Software L\u00f6sung<\/li>\n\n\n\n<li>Automatische Registrierung deiner Registrierkasse <\/li>\n\n\n\n<li>Wenig Aufwand bei der Meldung und der Verwaltung deiner Kassen<\/li>\n\n\n\n<li>Sorgenfrei arbeiten, durch sicher gespeicherte und verschl\u00fcsselte Daten <\/li>\n\n\n\n<li>Zus\u00e4tzlich zur Software die passende Kassenhardware, perfekt auf WISO MeinB\u00fcro Desktop abgestimmt<\/li>\n<\/ul>\n\n\n\r\n\r\n\r\n\r\n\r\n\r\n\r\n    <form id=\"bk-email-desktop-24\" class=\"form-container form-container--desktop\" method=\"post\">\r\n        <div class=\"form-group\">\r\n            <div class=\"input-group\">\r\n                <input name=\"email\" type=\"email\" placeholder=\"E-Mail-Adresse eingeben\" \/>\r\n                <input class=\"hidden\" type=\"hidden\" name=\"buhlparam\" value=\"2020106\" \/>\r\n                                    <button type=\"submit\" id=\"btn-testen-gads-mbdesktop-kmp-1\">Jetzt kostenlos testen<\/button>\r\n                            <\/div>\r\n            <small class=\"form-info\">Die Testphase endet automatisch. Keine K\u00fcndigung n\u00f6tig. Keine Zahlungsdaten n\u00f6tig.<\/small>\r\n            <p class=\"warning\"><\/p>\r\n        <\/div>\r\n    <\/form>\r\n\r\n\n<\/div>\n\n\n\n<div class=\"wp-block-column image is-layout-flow wp-block-column-is-layout-flow\" style=\"flex-basis:50%\">\n<figure class=\"wp-block-image size-full\"><img loading=\"lazy\" decoding=\"async\" width=\"2560\" height=\"1575\" src=\"https:\/\/www.buhl.de\/buero\/wp-content\/uploads\/sites\/41\/2022\/03\/MB_Kasse-Header-2.0-scaled.webp\" alt=\"\" class=\"wp-image-33528\" style=\"object-fit:cover\" srcset=\"https:\/\/www.buhl.de\/buero\/wp-content\/uploads\/sites\/41\/2022\/03\/MB_Kasse-Header-2.0-scaled.webp 2560w, https:\/\/www.buhl.de\/buero\/wp-content\/uploads\/sites\/41\/2022\/03\/MB_Kasse-Header-2.0-300x185.webp 300w, https:\/\/www.buhl.de\/buero\/wp-content\/uploads\/sites\/41\/2022\/03\/MB_Kasse-Header-2.0-1024x630.webp 1024w, https:\/\/www.buhl.de\/buero\/wp-content\/uploads\/sites\/41\/2022\/03\/MB_Kasse-Header-2.0-768x473.webp 768w, https:\/\/www.buhl.de\/buero\/wp-content\/uploads\/sites\/41\/2022\/03\/MB_Kasse-Header-2.0-1536x945.webp 1536w, https:\/\/www.buhl.de\/buero\/wp-content\/uploads\/sites\/41\/2022\/03\/MB_Kasse-Header-2.0-2048x1260.webp 2048w\" sizes=\"auto, (max-width: 2560px) 100vw, 2560px\" \/><\/figure>\n<\/div>\n<\/div>\n<\/div><\/section>\n\n\n\n<div class=\"wp-block-meinbuero22-siegelleiste-text fullbleed has-mb-gray-color has-mb-bg-light-blue-background-color has-text-color has-background\"><h2>WISO MeinB\u00fcro ist bekannt aus<\/h2><div class=\"container\">\n<figure class=\"wp-block-image size-full\"><img loading=\"lazy\" decoding=\"async\" width=\"444\" height=\"156\" src=\"https:\/\/www.buhl.de\/buero\/wp-content\/uploads\/sites\/41\/2023\/08\/wiso-software_logo-svg.webp\" alt=\"\" class=\"wp-image-22109\" srcset=\"https:\/\/www.buhl.de\/buero\/wp-content\/uploads\/sites\/41\/2023\/08\/wiso-software_logo-svg.webp 444w, https:\/\/www.buhl.de\/buero\/wp-content\/uploads\/sites\/41\/2023\/08\/wiso-software_logo-svg-300x105.webp 300w\" sizes=\"auto, (max-width: 444px) 100vw, 444px\" \/><\/figure>\n\n\n\n<figure class=\"wp-block-image size-large\"><img loading=\"lazy\" decoding=\"async\" width=\"1024\" height=\"316\" src=\"https:\/\/www.buhl.de\/buero\/wp-content\/uploads\/sites\/41\/2023\/08\/t3n_logo-1024x316.webp\" alt=\"\" class=\"wp-image-22014\" srcset=\"https:\/\/www.buhl.de\/buero\/wp-content\/uploads\/sites\/41\/2023\/08\/t3n_logo-1024x316.webp 1024w, https:\/\/www.buhl.de\/buero\/wp-content\/uploads\/sites\/41\/2023\/08\/t3n_logo-300x93.webp 300w, https:\/\/www.buhl.de\/buero\/wp-content\/uploads\/sites\/41\/2023\/08\/t3n_logo-768x237.webp 768w, https:\/\/www.buhl.de\/buero\/wp-content\/uploads\/sites\/41\/2023\/08\/t3n_logo-1536x474.webp 1536w, https:\/\/www.buhl.de\/buero\/wp-content\/uploads\/sites\/41\/2023\/08\/t3n_logo-2048x632.webp 2048w\" sizes=\"auto, (max-width: 1024px) 100vw, 1024px\" \/><\/figure>\n\n\n\n<figure class=\"wp-block-image size-large\"><img loading=\"lazy\" decoding=\"async\" width=\"1024\" height=\"228\" src=\"https:\/\/www.buhl.de\/buero\/wp-content\/uploads\/sites\/41\/2023\/08\/omr-reviews_logo-1024x228.webp\" alt=\"\" class=\"wp-image-22015\" srcset=\"https:\/\/www.buhl.de\/buero\/wp-content\/uploads\/sites\/41\/2023\/08\/omr-reviews_logo-1024x228.webp 1024w, https:\/\/www.buhl.de\/buero\/wp-content\/uploads\/sites\/41\/2023\/08\/omr-reviews_logo-300x67.webp 300w, https:\/\/www.buhl.de\/buero\/wp-content\/uploads\/sites\/41\/2023\/08\/omr-reviews_logo-768x171.webp 768w, https:\/\/www.buhl.de\/buero\/wp-content\/uploads\/sites\/41\/2023\/08\/omr-reviews_logo-1536x342.webp 1536w, https:\/\/www.buhl.de\/buero\/wp-content\/uploads\/sites\/41\/2023\/08\/omr-reviews_logo.webp 1975w\" sizes=\"auto, (max-width: 1024px) 100vw, 1024px\" \/><\/figure>\n\n\n\n<figure class=\"wp-block-image size-full\"><img loading=\"lazy\" decoding=\"async\" width=\"640\" height=\"400\" src=\"https:\/\/www.buhl.de\/buero\/wp-content\/uploads\/sites\/41\/2023\/08\/ntv_logo.webp\" alt=\"\" class=\"wp-image-22016\" srcset=\"https:\/\/www.buhl.de\/buero\/wp-content\/uploads\/sites\/41\/2023\/08\/ntv_logo.webp 640w, https:\/\/www.buhl.de\/buero\/wp-content\/uploads\/sites\/41\/2023\/08\/ntv_logo-300x188.webp 300w\" sizes=\"auto, (max-width: 640px) 100vw, 640px\" \/><\/figure>\n\n\n\n<figure class=\"wp-block-image size-full\"><img loading=\"lazy\" decoding=\"async\" width=\"371\" height=\"83\" src=\"https:\/\/www.buhl.de\/buero\/wp-content\/uploads\/sites\/41\/2023\/08\/ITFM_logo.webp\" alt=\"\" class=\"wp-image-22017\" srcset=\"https:\/\/www.buhl.de\/buero\/wp-content\/uploads\/sites\/41\/2023\/08\/ITFM_logo.webp 371w, https:\/\/www.buhl.de\/buero\/wp-content\/uploads\/sites\/41\/2023\/08\/ITFM_logo-300x67.webp 300w\" sizes=\"auto, (max-width: 371px) 100vw, 371px\" \/><\/figure>\n\n\n\n<figure class=\"wp-block-image size-large\"><img loading=\"lazy\" decoding=\"async\" width=\"1024\" height=\"329\" src=\"https:\/\/www.buhl.de\/buero\/wp-content\/uploads\/sites\/41\/2023\/08\/chip_logo-1024x329.webp\" alt=\"\" class=\"wp-image-22018\" srcset=\"https:\/\/www.buhl.de\/buero\/wp-content\/uploads\/sites\/41\/2023\/08\/chip_logo-1024x329.webp 1024w, https:\/\/www.buhl.de\/buero\/wp-content\/uploads\/sites\/41\/2023\/08\/chip_logo-300x96.webp 300w, https:\/\/www.buhl.de\/buero\/wp-content\/uploads\/sites\/41\/2023\/08\/chip_logo-768x247.webp 768w, https:\/\/www.buhl.de\/buero\/wp-content\/uploads\/sites\/41\/2023\/08\/chip_logo-1536x493.webp 1536w, https:\/\/www.buhl.de\/buero\/wp-content\/uploads\/sites\/41\/2023\/08\/chip_logo-2048x658.webp 2048w\" sizes=\"auto, (max-width: 1024px) 100vw, 1024px\" \/><\/figure>\n<\/div><\/div>\n\n\n\n<section id=\"sogehts\" class=\"wp-block-group\"><div class=\"wp-block-group__inner-container is-layout-constrained wp-block-group-is-layout-constrained\">\n<h2 class=\"wp-block-heading has-text-align-center is-style-startseite\" id=\"produkttour\">WISO MeinB\u00fcro Desktop \u2013 effizient und intuitiv<\/h2>\n\n\n\r\n<div class=\"sc-storylane\" style=\"position: relative;\">\r\n\t\t<div class=\"storylane-video\" data-embed=\"jdyalofp8sju\" data-consent=\"false\" >\r\n\t\t\t<div class=\"sl-embed-container\" style=\"position:relative;align-items:center;justify-content:center;\">\r\n\t\t\t\t<button\r\n\t\t\t\t\tclass=\"sl-preview-cta\"\r\n\t\t\t\t\tdata-type=\"filled\"\r\n                    onclick=\"Storylane.Play({type: 'popup',demo_type: 'image',width: 1912,height: 934,padding_bottom: 'calc(48.85% + 2px)',element: this,demo_url: 'https:\/\/meinbuero.storylane.io\/demo\/jdyalofp8sju'})\"\r\n                >\r\n                    Produkttour starten                <\/button>\r\n\t\t\t\t<div class=\"sl-embed\" data-sl-demo-type=\"image\" style=\"position:relative;padding-bottom:calc(48.85% + 2px);width:100%;height:0;transform:scale(1)\">\r\n\t\t\t\t\t\t\t\t\t\t\t<div class=\"sl-preview\" style=\"width:100%;height:100%;z-index:8000;position:absolute;background:url('https:\/\/www.buhl.de\/buero\/wp-content\/uploads\/sites\/41\/2022\/03\/interaktive-produkttour-wiso-meinbuero-desktop.webp') no-repeat;background-size:100% 100%;border-radius:inherit;\"><\/div>\r\n\t\t\t\t\t\t\t\t\t<\/div>\r\n\t\t\t<\/div>\r\n\r\n            <div class=\"storylane-consent-info\">\r\n\t                                <img decoding=\"async\" class=\"storylane-thumbnail\" src=\"https:\/\/www.buhl.de\/buero\/wp-content\/uploads\/sites\/41\/2022\/03\/interaktive-produkttour-wiso-meinbuero-desktop.webp\" \/>\r\n\t                            <dialog class=\"storylane-cookie-modal\" open>\r\n                    <p>Du hast der Nutzung von <b>Storylane<\/b> in den Cookie-Einstellungen nicht zugestimmt. <br \/> Sobald Du dies nachgeholt hast, kannst Du diese Inhalte sehen.<\/p>\r\n                    <button onclick=\"UC_UI.showSecondLayer()\" data-type=\"filled\">Cookie-Einstellungen<\/button>\r\n                <\/dialog>\r\n            <\/div>\r\n\t\t<\/div>\r\n<\/div>\r\n\r\n\n<\/div><\/section>\n\n\n\n<section class=\"wp-block-group\"><div class=\"wp-block-group__inner-container is-layout-constrained wp-block-group-is-layout-constrained\">\n<h2 class=\"wp-block-heading has-text-align-center is-style-startseite\" id=\"h-erfulle-die-neuen-anforderungen-muhelos\">Erf\u00fclle die neuen Anforderungen m\u00fchelos!<\/h2>\n\n\n\n<div class=\"wp-block-meinbuero22-columns-variation media--right\">\n<div class=\"wp-block-meinbuero22-column-media\">\n<figure class=\"wp-block-image size-full\"><img loading=\"lazy\" decoding=\"async\" width=\"700\" height=\"616\" src=\"https:\/\/www.buhl.de\/buero\/wp-content\/uploads\/sites\/41\/2025\/05\/Kassenmeldepflicht_Bild-1_2.0.png\" alt=\"\" class=\"wp-image-33468\" style=\"aspect-ratio:1.1376582278481013;object-fit:cover\" srcset=\"https:\/\/www.buhl.de\/buero\/wp-content\/uploads\/sites\/41\/2025\/05\/Kassenmeldepflicht_Bild-1_2.0.png 700w, https:\/\/www.buhl.de\/buero\/wp-content\/uploads\/sites\/41\/2025\/05\/Kassenmeldepflicht_Bild-1_2.0-300x264.png 300w\" sizes=\"auto, (max-width: 700px) 100vw, 700px\" \/><\/figure>\n<\/div>\n\n\n\n<div class=\"wp-block-meinbuero22-column-headline\">\n<h3 class=\"wp-block-heading is-style-startseite\" id=\"h-jetzt-durchstarten\">Jetzt durchstarten!<\/h3>\n<\/div>\n\n\n\n<div class=\"wp-block-meinbuero22-column-content\">\n<p>Seit der Einf\u00fchrung der <strong>Meldepflicht f\u00fcr Registrierkassen<\/strong> m\u00fcssen Unternehmen ihre Kassen nachtr\u00e4glich <strong>beim Finanzamt registrieren<\/strong>. Mit <strong>WISO MeinB\u00fcro Desktop<\/strong> inklusive der <strong>Erweiterung Kasse POS <\/strong>und passender <strong>Kassenhardware <\/strong>sowie <a href=\"https:\/\/www.buhl.de\/buero\/tse-technische-sicherheitseinrichtung\/\"><strong>TSE-Komponente<\/strong><\/a> kannst du diese Anforderungen schnell und unkompliziert erf\u00fcllen. Starte jetzt mit einem <strong>kostenlosen Test<\/strong> und mache den ersten Schritt in Richtung einer einfachen und sicheren L\u00f6sung!<\/p>\n\n\n\r\n\r\n\r\n\r\n\r\n\r\n\r\n    <form id=\"bk-email-desktop-16\" class=\"form-container form-container--desktop\" method=\"post\">\r\n        <div class=\"form-group\">\r\n            <div class=\"input-group\">\r\n                <input name=\"email\" type=\"email\" placeholder=\"E-Mail-Adresse eingeben\" \/>\r\n                <input class=\"hidden\" type=\"hidden\" name=\"buhlparam\" value=\"2020106\" \/>\r\n                                    <button type=\"submit\" id=\"btn-testen-gads-mbdesktop-kmp-2\">Jetzt kostenlos testen<\/button>\r\n                            <\/div>\r\n            <small class=\"form-info\">Die Testphase endet automatisch. Keine K\u00fcndigung n\u00f6tig. Keine Zahlungsdaten n\u00f6tig.<\/small>\r\n            <p class=\"warning\"><\/p>\r\n        <\/div>\r\n    <\/form>\r\n\r\n\n<\/div>\n<\/div>\n\n\n\n<div class=\"wp-block-meinbuero22-columns-variation\">\n<div class=\"wp-block-meinbuero22-column-media\">\n<figure class=\"wp-block-image size-full\"><img loading=\"lazy\" decoding=\"async\" width=\"700\" height=\"616\" src=\"https:\/\/www.buhl.de\/buero\/wp-content\/uploads\/sites\/41\/2025\/05\/MB-Desktop-Overlay_Bild-2_2.0-1.png\" alt=\"\" class=\"wp-image-33486\" style=\"aspect-ratio:0.9890795631825273;object-fit:cover\" srcset=\"https:\/\/www.buhl.de\/buero\/wp-content\/uploads\/sites\/41\/2025\/05\/MB-Desktop-Overlay_Bild-2_2.0-1.png 700w, https:\/\/www.buhl.de\/buero\/wp-content\/uploads\/sites\/41\/2025\/05\/MB-Desktop-Overlay_Bild-2_2.0-1-300x264.png 300w\" sizes=\"auto, (max-width: 700px) 100vw, 700px\" \/><\/figure>\n<\/div>\n\n\n\n<div class=\"wp-block-meinbuero22-column-headline\">\n<h3 class=\"wp-block-heading is-style-startseite\" id=\"h-wiso-meinburo-desktop-inkl-kassenhardware\">WISO MeinB\u00fcro Desktop inkl. Kassenhardware<\/h3>\n<\/div>\n\n\n\n<div class=\"wp-block-meinbuero22-column-content\">\n<p><strong>WISO MeinB\u00fcro Desktop<\/strong> bietet dir eine benutzerfreundliche Oberfl\u00e4che, umfangreiche Funktionen, kostenlose Updates, zuverl\u00e4ssigen Support sowie <strong>Next-work-day Hardwaretausch <\/strong>bei Problemen. Unsere Kassenhardware kommt <strong>fertig eingerichtet<\/strong> in deinem Unternehmen an und ist perfekt auf unsere Software abgestimmt, wodurch eine einfache Nutzung garantiert ist. <\/p>\n\n\n\r\n\r\n\r\n\r\n\r\n\r\n\r\n    <form id=\"bk-email-desktop-4\" class=\"form-container form-container--desktop\" method=\"post\">\r\n        <div class=\"form-group\">\r\n            <div class=\"input-group\">\r\n                <input name=\"email\" type=\"email\" placeholder=\"E-Mail-Adresse eingeben\" \/>\r\n                <input class=\"hidden\" type=\"hidden\" name=\"buhlparam\" value=\"2020106\" \/>\r\n                                    <button type=\"submit\" id=\"btn-testen-gads-mbdesktop-kmp-3\">Jetzt kostenlos testen<\/button>\r\n                            <\/div>\r\n            <small class=\"form-info\">Die Testphase endet automatisch. Keine K\u00fcndigung n\u00f6tig. Keine Zahlungsdaten n\u00f6tig.<\/small>\r\n            <p class=\"warning\"><\/p>\r\n        <\/div>\r\n    <\/form>\r\n\r\n\n<\/div>\n<\/div>\n\n\n\n<div class=\"wp-block-meinbuero22-columns-variation media--right\">\n<div class=\"wp-block-meinbuero22-column-media\">\n<figure class=\"wp-block-image size-full\"><img loading=\"lazy\" decoding=\"async\" width=\"1920\" height=\"1920\" src=\"https:\/\/www.buhl.de\/buero\/wp-content\/uploads\/sites\/41\/2022\/03\/Warenwirtschaft_Grafik_Prdouktion-effizient-verwalten-Bild2.webp\" alt=\"\u00dcbersicht \u00fcber den Lagerbestand und Lagerbewegungen in WISO Mein B\u00fcro mit bearbeitbaren Eintr\u00e4gen.\" class=\"wp-image-31729\" style=\"aspect-ratio:1.1376582278481013;object-fit:cover\" srcset=\"https:\/\/www.buhl.de\/buero\/wp-content\/uploads\/sites\/41\/2022\/03\/Warenwirtschaft_Grafik_Prdouktion-effizient-verwalten-Bild2.webp 1920w, https:\/\/www.buhl.de\/buero\/wp-content\/uploads\/sites\/41\/2022\/03\/Warenwirtschaft_Grafik_Prdouktion-effizient-verwalten-Bild2-300x300.webp 300w, https:\/\/www.buhl.de\/buero\/wp-content\/uploads\/sites\/41\/2022\/03\/Warenwirtschaft_Grafik_Prdouktion-effizient-verwalten-Bild2-1024x1024.webp 1024w, https:\/\/www.buhl.de\/buero\/wp-content\/uploads\/sites\/41\/2022\/03\/Warenwirtschaft_Grafik_Prdouktion-effizient-verwalten-Bild2-150x150.webp 150w, https:\/\/www.buhl.de\/buero\/wp-content\/uploads\/sites\/41\/2022\/03\/Warenwirtschaft_Grafik_Prdouktion-effizient-verwalten-Bild2-768x768.webp 768w, https:\/\/www.buhl.de\/buero\/wp-content\/uploads\/sites\/41\/2022\/03\/Warenwirtschaft_Grafik_Prdouktion-effizient-verwalten-Bild2-1536x1536.webp 1536w\" sizes=\"auto, (max-width: 1920px) 100vw, 1920px\" \/><\/figure>\n<\/div>\n\n\n\n<div class=\"wp-block-meinbuero22-column-headline\">\n<h3 class=\"wp-block-heading is-style-startseite\" id=\"h-vom-lager-bis-zur-produktion\">Vom Lager bis zur Produktion<\/h3>\n<\/div>\n\n\n\n<div class=\"wp-block-meinbuero22-column-content\">\n<p>Mit <strong>WISO MeinB\u00fcro Desktop<\/strong> steuerst du <strong>Lager, Produktion und Verkauf <\/strong>zentral und in Echtzeit. Du verwaltest <strong>Artikel-, Kunden- und Lieferantendaten<\/strong> \u00fcbersichtlich, erkennst Engp\u00e4sse fr\u00fchzeitig und l\u00f6st rechtzeitig Nachbestellungen aus. Produktionsabl\u00e4ufe planst du effizient mit <strong>St\u00fccklisten<\/strong>, <strong>automatischen Lagerbuchungen<\/strong> und Nachverfolgbarkeit per <strong>Seriennummer<\/strong>. <strong>Angebote, Rechnungen und Zahlungseing\u00e4nge<\/strong> bearbeitest du mit wenigen Klicks.<\/p>\n\n\n\r\n\r\n\r\n\r\n\r\n\r\n\r\n    <form id=\"bk-email-desktop-19\" class=\"form-container form-container--desktop\" method=\"post\">\r\n        <div class=\"form-group\">\r\n            <div class=\"input-group\">\r\n                <input name=\"email\" type=\"email\" placeholder=\"E-Mail-Adresse eingeben\" \/>\r\n                <input class=\"hidden\" type=\"hidden\" name=\"buhlparam\" value=\"2020106\" \/>\r\n                                    <button type=\"submit\" id=\"btn-testen-gads-mbdesktop-kmp-4\">Jetzt kostenlos testen<\/button>\r\n                            <\/div>\r\n            <small class=\"form-info\">Die Testphase endet automatisch. Keine K\u00fcndigung n\u00f6tig. Keine Zahlungsdaten n\u00f6tig.<\/small>\r\n            <p class=\"warning\"><\/p>\r\n        <\/div>\r\n    <\/form>\r\n\r\n\n<\/div>\n<\/div>\n\n\n\n<div class=\"wp-block-meinbuero22-columns-variation\">\n<div class=\"wp-block-meinbuero22-column-media\">\n<figure class=\"wp-block-image size-full\"><img loading=\"lazy\" decoding=\"async\" width=\"700\" height=\"616\" src=\"https:\/\/www.buhl.de\/buero\/wp-content\/uploads\/sites\/41\/2025\/05\/Kassenmeldepflicht-2.0.png\" alt=\"\" class=\"wp-image-33471\" style=\"aspect-ratio:0.9890795631825273;object-fit:cover\" srcset=\"https:\/\/www.buhl.de\/buero\/wp-content\/uploads\/sites\/41\/2025\/05\/Kassenmeldepflicht-2.0.png 700w, https:\/\/www.buhl.de\/buero\/wp-content\/uploads\/sites\/41\/2025\/05\/Kassenmeldepflicht-2.0-300x264.png 300w\" sizes=\"auto, (max-width: 700px) 100vw, 700px\" \/><\/figure>\n<\/div>\n\n\n\n<div class=\"wp-block-meinbuero22-column-headline\">\n<h3 class=\"wp-block-heading is-style-startseite\" id=\"h-mit-sicherheit-komfort-und-vertrauen\">Mit Sicherheit, Komfort und Vertrauen<\/h3>\n<\/div>\n\n\n\n<div class=\"wp-block-meinbuero22-column-content\">\n<p>Lasse B\u00fcrokratie hinter dir und setze auf eine L\u00f6sung, die dir den Alltag erleichtert. Mit dem Kassenpaket von <strong>WISO MeinB\u00fcro Desktop<\/strong> bist du <strong>gesetzlich auf der sicheren Seite<\/strong> und gleichzeitig bestens f\u00fcr die Zukunft ger\u00fcstet. Unsere Experten beraten dich gern \u2013 gemeinsam gestalten wir deinen Einstieg<strong> einfach und stressfrei<\/strong>.<\/p>\n\n\n\r\n\r\n\r\n\r\n\r\n\r\n\r\n    <form id=\"bk-email-desktop-25\" class=\"form-container form-container--desktop\" method=\"post\">\r\n        <div class=\"form-group\">\r\n            <div class=\"input-group\">\r\n                <input name=\"email\" type=\"email\" placeholder=\"E-Mail-Adresse eingeben\" \/>\r\n                <input class=\"hidden\" type=\"hidden\" name=\"buhlparam\" value=\"2020106\" \/>\r\n                                    <button type=\"submit\" id=\"btn-testen-gads-mbdesktop-kmp-3\">Jetzt kostenlos testen<\/button>\r\n                            <\/div>\r\n            <small class=\"form-info\">Die Testphase endet automatisch. Keine K\u00fcndigung n\u00f6tig. Keine Zahlungsdaten n\u00f6tig.<\/small>\r\n            <p class=\"warning\"><\/p>\r\n        <\/div>\r\n    <\/form>\r\n\r\n\n<\/div>\n<\/div>\n<\/div><\/section>\n\n\n\n<section class=\"wp-block-meinbuero22-section-kombinieren fullbleed has-light-yellow-bottom-right-gradient-background has-background testen\" id=\"preis\"><div class=\"wp-block-meinbuero22-section-kombinieren__inner-container\">\n<h2 class=\"wp-block-heading is-style-startseite has-text-align-center\" id=\"h-tse-sorglos-paket\">TSE Sorglos-Paket<\/h2>\n\n\n\n<h3 class=\"wp-block-heading has-text-align-center has-buhl-blau-color has-text-color has-link-color wp-elements-9de706368889d77f05909b04ec137f2f\" id=\"h-unser-gesamtpaket-aus-hard-und-software\"><strong>unser Gesamtpaket aus Hard- und Software<\/strong><\/h3>\n\n\n\n<div class=\"wp-block-media-text is-stacked-on-mobile is-vertically-aligned-top\" style=\"grid-template-columns:60% auto\"><figure class=\"wp-block-media-text__media\"><img loading=\"lazy\" decoding=\"async\" width=\"1024\" height=\"630\" src=\"https:\/\/www.buhl.de\/buero\/wp-content\/uploads\/sites\/41\/2022\/03\/MB_Kasse-Sorglos-Paket-2.0-1024x630.webp\" alt=\"\" class=\"wp-image-33529 size-full\" srcset=\"https:\/\/www.buhl.de\/buero\/wp-content\/uploads\/sites\/41\/2022\/03\/MB_Kasse-Sorglos-Paket-2.0-1024x630.webp 1024w, https:\/\/www.buhl.de\/buero\/wp-content\/uploads\/sites\/41\/2022\/03\/MB_Kasse-Sorglos-Paket-2.0-300x185.webp 300w, https:\/\/www.buhl.de\/buero\/wp-content\/uploads\/sites\/41\/2022\/03\/MB_Kasse-Sorglos-Paket-2.0-768x473.webp 768w, https:\/\/www.buhl.de\/buero\/wp-content\/uploads\/sites\/41\/2022\/03\/MB_Kasse-Sorglos-Paket-2.0-1536x945.webp 1536w, https:\/\/www.buhl.de\/buero\/wp-content\/uploads\/sites\/41\/2022\/03\/MB_Kasse-Sorglos-Paket-2.0-2048x1260.webp 2048w\" sizes=\"auto, (max-width: 1024px) 100vw, 1024px\" \/><\/figure><div class=\"wp-block-media-text__content\">\n<p class=\"mb-16\"><strong>Hardware<\/strong><\/p>\n\n\n\n<ul class=\"wp-block-list is-style-checked-simple\">\n<li>Touchpanel mit Full-HD Display:&nbsp;<a href=\"https:\/\/fecpos.de\/shop\/xpos\" target=\"_blank\" rel=\"noreferrer noopener\">FEC XPOS 15.6<\/a><\/li>\n\n\n\n<li>Abschlie\u00dfbare Kassenschublade:&nbsp;<a href=\"https:\/\/fecpos.de\/shop\/demogerat-kassenlade-s4141-6s8m-2.html\" target=\"_blank\" rel=\"noreferrer noopener\">FEC Kassenlade S4141<\/a><\/li>\n\n\n\n<li>Bondrucker:&nbsp;<a href=\"https:\/\/fecpos.de\/shop\/tp100-thermaldrucker-schwarz-usb-rs232-9pin-lan-50w-24v-1.html\">FEC TP100-Thermaldrucker<\/a><\/li>\n\n\n\n<li>Handscanner:&nbsp;<a href=\"https:\/\/files.helpdocs.io\/dk1dp5n95m\/other\/1731936883878\/fec-wic-hswin-6220-2.pdf\">FEC WIC-HSWIN6220<\/a><\/li>\n<\/ul>\n\n\n\n<p><strong>Software<\/strong><\/p>\n\n\n\n<ul class=\"wp-block-list is-style-checked-simple\">\n<li><a href=\"https:\/\/www.buhl.de\/buero\/wiso-meinbuero-desktop\/#preise\">WISO MeinB\u00fcro Basis<\/a>&nbsp;Lizenz<\/li>\n\n\n\n<li>Erweiterung&nbsp;<a href=\"https:\/\/www.buhl.de\/buero\/wiso-meinbuero-desktop\/erweiterungen\/kasse-pos\/#kassemachen\">Kasse POS<\/a><\/li>\n\n\n\n<li>Erweiterung&nbsp;<a href=\"https:\/\/www.buhl.de\/buero\/wiso-meinbuero-desktop\/erweiterungen\/sicherung\/\">Sicherung+<\/a><\/li>\n<\/ul>\n\n\n\n<p><strong>Service<\/strong><\/p>\n\n\n\n<ul class=\"wp-block-list is-style-checked-simple\">\n<li>Installation von WISO MeinB\u00fcro auf der Kassenhardware und Versand als Komplettpaket<\/li>\n\n\n\n<li>Next-work-day Hardwaretausch bei Problemen<\/li>\n\n\n\n<li>Technische Sicherungseinrichtung inkl. revisionssicherem POS-Archiv&nbsp;<\/li>\n\n\n\n<li>Finanzamtsmeldungen zur Erf\u00fcllung der Meldepflicht<\/li>\n<\/ul>\n\n\n\n<p><strong>+Optional<\/strong><\/p>\n\n\n\n<ul class=\"wp-block-list is-style-checked-simple\">\n<li>Kartenleseger\u00e4t:&nbsp;<a href=\"https:\/\/www.ccv.eu\/de\/bezahlloesungen\/kartenlesegeraet\/stationaere-loesungen\/ccv-base-next\/#:~:text=Das%20CCV%20Base%20Next%20l%C3%A4utet%2cunkompliziert%20an%20jedem%20Kassenplatz%20platzieren.\" target=\"_blank\" rel=\"noreferrer noopener\">CCV Basic Next<\/a>&nbsp;oder&nbsp;<a href=\"https:\/\/www.ccv.eu\/de\/bezahlloesungen\/kartenlesegeraet\/androidbasierte-loesungen\/ccv-mobile-a920\/\" target=\"_blank\" rel=\"noreferrer noopener\">CCV Mobile A920<\/a><\/li>\n<\/ul>\n\n\n\n<div style=\"height:32px\" aria-hidden=\"true\" class=\"wp-block-spacer\"><\/div>\n\n\n\n<div class=\"wp-block-meinbuero22-preis-absatz\"><div class=\"preis-wrap\"><span class=\"preis\">135,<sup>00<\/sup> \u20ac<\/span><span class=\"afterPreis\"> \/ Monat<\/span><sup>1)<\/sup><\/div><div class=\"notice-wrap\"><div>netto zzgl. USt.<\/div><\/div><\/div>\n\n\n\n<div class=\"wp-block-buttons is-layout-flex wp-block-buttons-is-layout-flex\">\n<div class=\"wp-block-button has-custom-width wp-block-button__width-50 is-style-start-filled\" id=\"btn-onepager-mbrechnungen-euer-testen\"><a class=\"wp-block-button__link has-buhl-blau-background-color has-background wp-element-button\" href=\"https:\/\/book.timify.com\/availability?accountId=60229d9152442910d3ac16f0&amp;serviceId=6022a9b44e2802113ff642d7&amp;hideCloseButton=true&amp;showGuestBookingForm=true\" target=\"_blank\" rel=\"noreferrer noopener nofollow\">Jetzt beraten lassen!<\/a><\/div>\n<\/div>\n<\/div><\/div>\n<\/div><\/section>\n\n\n\n<section id=\"funktionen\" class=\"wp-block-meinbuero22-section-vorteile fullbleed mb-0 no-spacing\"><div class=\"wp-block-meinbuero22-section-vorteile__inner-container\">\n<h2 class=\"wp-block-heading has-text-align-center is-style-startseite\" id=\"h-weitere-beliebte-funktionen-in-wiso-meinburo-desktop\">Weitere beliebte Funktionen in <br>WISO MeinB\u00fcro Desktop<\/h2>\n\n\n\n<div class=\"wp-block-meinbuero22-icon-text-link has-columns-3 is-style-space-evenly\">\n<div class=\"wp-block-meinbuero22-icon-text-link-content\"><div class=\"icon\" style=\"background-image:url(https:\/\/www.buhl.de\/buero\/wp-content\/uploads\/sites\/41\/2022\/03\/WISO-MeinBuero-Rechnungen_Auftragsabwicklung.svg)\"><\/div><div class=\"headline\">Auftragsabwicklung<\/div><p class=\"text\">Neben Rechnungen kannst du auch Angebote, Auftr\u00e4ge und Lieferscheine erstellen. Bei Zahlungsverzug stehen Zahlungserinnerungen und Mahnungen bereit.<\/p><\/div>\n\n\n\n<div class=\"wp-block-meinbuero22-icon-text-link-content\"><div class=\"icon\" style=\"background-image:url(https:\/\/www.buhl.de\/buero\/wp-content\/uploads\/sites\/41\/2022\/03\/WISO-MeinBuero-Rechnungen_MeinBuero-Portal.svg)\"><\/div><div class=\"headline\">MeinB\u00fcro Portal<\/div><p class=\"text\">\u00dcber das MeinB\u00fcro Portal k\u00f6nnen deine Kunden online Angebote annehmen und Rechnungen bezahlen. Dazu stehen z. B. PayPal, Lastschrift oder Kreditkarte zur Verf\u00fcgung. <\/p><\/div>\n\n\n\n<div class=\"wp-block-meinbuero22-icon-text-link-content\"><div class=\"icon\" style=\"background-image:url(https:\/\/www.buhl.de\/buero\/wp-content\/uploads\/sites\/41\/2022\/03\/WISO-MeinBuero-Rechnungen_EUER.svg)\"><\/div><div class=\"headline\">E\u00dcR<\/div><p class=\"text\">F\u00fcr deine j\u00e4hrliche Steuererkl\u00e4rung kannst du mit nur wenigen Klicks eine Einnahmen\u00fcberschussrechnung erstellen. Diese kannst du per ELSTER an das Finanzamt oder nach WISO Steuer senden.<\/p><\/div>\n<\/div>\n\n\n\n<div class=\"wp-block-meinbuero22-icon-text-link has-columns-3 is-style-space-evenly\">\n<div class=\"wp-block-meinbuero22-icon-text-link-content\"><div class=\"icon\" style=\"background-image:url(https:\/\/www.buhl.de\/buero\/wp-content\/uploads\/sites\/41\/2022\/03\/WISO-MeinBuero-Rechnungen_UStVA.svg)\"><\/div><div class=\"headline\">UStVA<\/div><p class=\"text\">Deine monatliche oder viertelj\u00e4hrliche Umsatzsteuervoranmeldung ist mit wenigen Klicks erstellt. Diese kannst du per ELSTER direkt an das Finanzamt senden.<\/p><\/div>\n\n\n\n<div class=\"wp-block-meinbuero22-icon-text-link-content\"><div class=\"icon\" style=\"background-image:url(https:\/\/www.buhl.de\/buero\/wp-content\/uploads\/sites\/41\/2022\/03\/WISO-MeinBuero-Rechnungen_Aufgaben.svg)\"><\/div><div class=\"headline\">Aufgaben<\/div><p class=\"text\">Behalte einen \u00dcberblick \u00fcber anstehende To-Dos. Lege F\u00e4lligkeiten, Verantwortlichkeiten, den Bearbeitungsstatus und die Priorit\u00e4t fest. Bei Bedarf k\u00f6nnen Kunden und Lieferanten zugeordnet werden.<\/p><\/div>\n\n\n\n<div class=\"wp-block-meinbuero22-icon-text-link-content\"><div class=\"icon\" style=\"background-image:url(https:\/\/www.buhl.de\/buero\/wp-content\/uploads\/sites\/41\/2022\/03\/WISO-MeinBuero-Rechnungen_Mobile-App.svg)\"><\/div><div class=\"headline\">WISO MeinB\u00fcro Dokumente<\/div><p class=\"text\">Dank der Schnittstelle zu WISO MeinB\u00fcro Dokumente digitalisierst du Papierbelege auch unterwegs bequem per App (iOS &amp; Android) und l\u00e4dst diese in dein digitales Belegarchiv.<\/p><\/div>\n<\/div>\n<\/div><\/section>\n\n\n\n<div style=\"height:100px\" aria-hidden=\"true\" class=\"wp-block-spacer\"><\/div>\n\n\n\n<section class=\"wp-block-meinbuero22-section-fragen fullbleed mb-0 has-background\" id=\"hilfe\" style=\"background:linear-gradient(135deg,rgb(255,252,233) 0%,rgb(255,223,24) 100%)\"><div class=\"wp-block-meinbuero22-section-vorteile__inner-container\">\n<h2 class=\"wp-block-heading has-text-align-center font-cairo is-style-startseite\" id=\"h-jetzt-unverbindlich-beraten-lassen-termin-buchen-oder-sofort-anrufen-02735-6474-103\">Jetzt unverbindlich beraten lassen: <a href=\"https:\/\/book.timify.com\/availability?accountId=60229d9152442910d3ac16f0&amp;serviceId=616ec9fe5c136a0f11d251f8&amp;hideCloseButton=true&amp;showGuestBookingForm=true\">Termin buchen<\/a> oder sofort anrufen: <a href=\"tel:+4927356474103\"><strong><\/strong><\/a><strong><a href=\"tel:+4927356474103\">02735 6474-103<\/a><\/strong><\/h2>\n\n\n\n<div class=\"wp-block-buttons is-content-justification-center is-layout-flex wp-container-core-buttons-is-layout-16018d1d wp-block-buttons-is-layout-flex\">\n<div class=\"wp-block-button is-style-start-outline\" id=\"btn-demo-service\"><a class=\"wp-block-button__link wp-element-button\" href=\"https:\/\/book.timify.com\/availability?accountId=60229d9152442910d3ac16f0&amp;serviceId=6022a9b44e2802113ff642d7&amp;hideCloseButton=true&amp;showGuestBookingForm=true\" target=\"_blank\" rel=\"noreferrer noopener\"><strong>Jetzt Beratung buchen<\/strong> <\/a><\/div>\n<\/div>\n\n\n\n<p class=\"font-cairo has-text-align-center\">(Montag \u2013 Freitag: 08:00 \u2013 17:00 Uhr)<\/p>\n<\/div><\/section>\n\n\n\n<section id=\"kundenstimmen\" class=\"wp-block-group fullbleed kundenstimmen has-light-blue-bottom-right-gradient-background has-background\"><div class=\"wp-block-group__inner-container is-layout-flow wp-block-group-is-layout-flow\">\n<h2 class=\"wp-block-heading has-text-align-center is-style-startseite has-white-color has-text-color\" id=\"h-das-sagen-unsere-kunden\">Das sagen <strong>unsere Kunden<\/strong><\/h2>\n\n\n<section class=\"testimonials testimonials--noslide\"><div class=\"testimonials-slider\"><div class=\"testimonial\"><div class=\"testimonial-thumbnail\"><img decoding=\"async\" class=\"testimonial-thumbnail__img pos-x-50p\" src=\"https:\/\/www.buhl.de\/buero\/wp-content\/uploads\/sites\/41\/2022\/03\/Daniel-Grill.webp\" alt=\"Daniel Grill von GRILL & Partner als Testimonial f\u00fcr WISO MeinB\u00fcro\" title=\"GRILL & Partner\" loading=\"lazy\"\/><\/div><div class=\"testimonial-content\"><div class=\"testimonial-content__quote\"><p>\"Ich habe mich f\u00fcr WISO MeinB\u00fcro entschieden, weil es mir eine schnelle und einfache Handhabung meiner Unternehmensaktivit\u00e4ten bei zeitgleich gro\u00dfer \u00dcbersichtlichkeit bietet.\"<\/p><\/div><div class=\"testimonial-content__company\"><p><span>Daniel Grill<\/span>, GRILL & Partner<br><a class=\"link\" href=\"https:\/\/www.grillundpartner.de\/\">www.grillundpartner.de<\/a> - Kunde seit 2019<\/p><\/div><\/div><\/div><div class=\"testimonial\"><div class=\"testimonial-thumbnail\"><img decoding=\"async\" class=\"testimonial-thumbnail__img pos-x-50p\" src=\"https:\/\/www.buhl.de\/buero\/wp-content\/uploads\/sites\/41\/2022\/03\/Milena-Schmidt.webp\" alt=\"Milena Schmidt von Milena Schmidt Fotografie als Testimonial f\u00fcr WISO MeinB\u00fcro\" title=\"Milena Schmidt Fotografie\" loading=\"lazy\"\/><\/div><div class=\"testimonial-content\"><div class=\"testimonial-content__quote\"><p>\"Mit WISO MeinB\u00fcro habe ich alle Kundendaten direkt auf einen Blick. Ich kann blitzschnell Rechnungen erstellen und Dokumente wie z.B. Vertr\u00e4ge verwalten.\"<\/p><\/div><div class=\"testimonial-content__company\"><p><span>Milena Schmidt<\/span>, Milena Schmidt Fotografie<br><a class=\"link\" href=\"https:\/\/www.milenaschmidtfotografie.com\/\">www.milenaschmidtfotografie.com<\/a> - Kunde seit 2020<\/p><\/div><\/div><\/div><div class=\"testimonial\"><div class=\"testimonial-thumbnail\"><img decoding=\"async\" class=\"testimonial-thumbnail__img pos-x-50p\" src=\"https:\/\/www.buhl.de\/buero\/wp-content\/uploads\/sites\/41\/2022\/03\/Florian-Gnegel.webp\" alt=\"Florian Gnegel von Ladermanufaktur als Testimonial f\u00fcr WISO MeinB\u00fcro\" title=\"Florian Gnegel\" loading=\"lazy\"\/><\/div><div class=\"testimonial-content\"><div class=\"testimonial-content__quote\"><p>\"Durch die ganzen Erweiterungsm\u00f6glichkeiten konnte ich WISO MeinB\u00fcro immer mitwachsen lassen und so alles machen, was ich wollte. Das ist der gr\u00f6\u00dfte Pluspunkt.\"<\/p><\/div><div class=\"testimonial-content__company\"><p><span>Florian Gnegel<\/span>, Ladermanufaktur GmbH<br><a class=\"link\" href=\"https:\/\/www.ladermanufaktur.de\/\">www.ladermanufaktur.de<\/a> - Kunde seit 2014<\/p><\/div><\/div><\/div><\/div><div class=\"testimonials-nav\"><\/div><\/section>\n<\/div><\/section>\n\n\n\n<section class=\"wp-block-meinbuero22-section-kombinieren fullbleed has-light-yellow-bottom-right-gradient-background has-background testen\" id=\"testen\"><div class=\"wp-block-meinbuero22-section-kombinieren__inner-container\">\n<h2 class=\"wp-block-heading is-style-startseite has-text-align-center\" id=\"h-teste-jetzt-kostenlos-wiso-meinburo-desktop\">Teste jetzt kostenlos WISO MeinB\u00fcro Desktop<\/h2>\n\n\n\n<div class=\"wp-block-media-text is-stacked-on-mobile is-vertically-aligned-center\"><figure class=\"wp-block-media-text__media\"><img loading=\"lazy\" decoding=\"async\" width=\"1024\" height=\"813\" src=\"https:\/\/www.buhl.de\/buero\/wp-content\/uploads\/sites\/41\/2022\/03\/wiso-meinbuero-desktop-produktbanner-1024x813.webp\" alt=\"Produktbanner f\u00fcr WISO MeinB\u00fcro Desktop mit Funktionen wie Lagerbestands\u00fcbersicht, Einnahmen-Ausgaben-Statistik und Zahlungsabwicklung.\" class=\"wp-image-31303 size-full\" srcset=\"https:\/\/www.buhl.de\/buero\/wp-content\/uploads\/sites\/41\/2022\/03\/wiso-meinbuero-desktop-produktbanner-1024x813.webp 1024w, https:\/\/www.buhl.de\/buero\/wp-content\/uploads\/sites\/41\/2022\/03\/wiso-meinbuero-desktop-produktbanner-300x238.webp 300w, https:\/\/www.buhl.de\/buero\/wp-content\/uploads\/sites\/41\/2022\/03\/wiso-meinbuero-desktop-produktbanner-768x610.webp 768w, https:\/\/www.buhl.de\/buero\/wp-content\/uploads\/sites\/41\/2022\/03\/wiso-meinbuero-desktop-produktbanner-1536x1220.webp 1536w, https:\/\/www.buhl.de\/buero\/wp-content\/uploads\/sites\/41\/2022\/03\/wiso-meinbuero-desktop-produktbanner.webp 1927w\" sizes=\"auto, (max-width: 1024px) 100vw, 1024px\" \/><\/figure><div class=\"wp-block-media-text__content\">\n<ul class=\"wp-block-list is-style-checked-small\">\n<li>14 Tage kostenlos testen<\/li>\n\n\n\n<li>Testphase endet automatisch<\/li>\n\n\n\n<li>Keine Zahlungsdaten erforderlich<\/li>\n<\/ul>\n\n\n\r\n\r\n\r\n\r\n\r\n\r\n\r\n    <form id=\"bk-email-desktop-17\" class=\"form-container form-container--desktop\" method=\"post\">\r\n        <div class=\"form-group\">\r\n            <div class=\"input-group\">\r\n                <input name=\"email\" type=\"email\" placeholder=\"E-Mail-Adresse eingeben\" \/>\r\n                <input class=\"hidden\" type=\"hidden\" name=\"buhlparam\" value=\"2020106\" \/>\r\n                                    <button type=\"submit\" id=\"btn-testen-gads-mbdesktop-kmp-5\">Jetzt kostenlos testen<\/button>\r\n                            <\/div>\r\n            <small class=\"form-info\">Die Testphase endet automatisch. Keine K\u00fcndigung n\u00f6tig. Keine Zahlungsdaten n\u00f6tig.<\/small>\r\n            <p class=\"warning\"><\/p>\r\n        <\/div>\r\n    <\/form>\r\n\r\n\n<\/div><\/div>\n<\/div><\/section>\n\n\n\n<section id=\"faq\" class=\"wp-block-group fullbleed personal mb-0-all\"><div class=\"wp-block-group__inner-container is-layout-constrained wp-block-group-is-layout-constrained\">\n<h2 class=\"wp-block-heading is-style-startseite has-text-align-center\" id=\"h-haufig-gestellte-fragen\">H\u00e4ufig gestellte Fragen<\/h2>\n\n\n\n<div class=\"wp-block-meinbuero22-faqs\">\n<div id=\"faq-buchhaltung\" class=\"wp-block-meinbuero22-faq-item\" data-expanded=\"false\"><div class=\"wp-block-meinbuero22-faq-item__question\"><h3>Was ist die Meldepflicht f\u00fcr Registrierkassen und welche Fristen gelten?<\/h3><span class=\"icon icon-chevron\"><\/span><\/div><div class=\"wp-block-meinbuero22-faq-item__answer\">\n<p>Seit 2025 sind Unternehmen verpflichtet, ihre Registrierkassen beim Finanzamt zu melden. Diese Meldepflicht soll sicherstellen, dass alle Kassensysteme den gesetzlichen Anforderungen entsprechen und korrekt dokumentiert sind. Die Registrierung muss bei der Nutzung von elektronischen Registrierkassen erfolgen, um die gesetzliche Nachweispflicht zu erf\u00fcllen<\/p>\n\n\n\n<p>Wenn mehrere Kassen in einem Verbundsystem zusammengeschlossen sind, muss jedes einzelne Ger\u00e4t beim Finanzamt gemeldet werden. Bei der Meldung ist zudem zu beachten, dass alle Kassensysteme einer Betriebsst\u00e4tte in einer einzigen Mitteilung zusammengefasst werden m\u00fcssen.<\/p>\n<\/div><\/div>\n\n\n\n<div id=\"faq-buchhaltung-buchfuehrung\" class=\"wp-block-meinbuero22-faq-item\" data-expanded=\"false\"><div class=\"wp-block-meinbuero22-faq-item__question\"><h3>Was ist der Hintergrund der Meldepflicht?<\/h3><span class=\"icon icon-chevron\"><\/span><\/div><div class=\"wp-block-meinbuero22-faq-item__answer\">\n<p>Die Kassenmeldepflicht beim Finanzamt verfolgt das Ziel, der Finanzverwaltung einen \u00dcberblick \u00fcber die eingesetzten Kassensysteme zu verschaffen. Es geht dabei nicht nur darum, zu erfahren, welche Systeme verwendet werden, sondern auch um Informationen \u00fcber deren Alter, etwaige Vernetzungen und die eingesetzten technischen Sicherheitseinrichtungen (TSE). Seit 2023 m\u00fcssen alle elektronischen Kassen mit diesen Sicherheitsvorkehrungen ausgestattet sein.<\/p>\n<\/div><\/div>\n\n\n\n<div id=\"faq-buchungsbeleg\" class=\"wp-block-meinbuero22-faq-item\" data-expanded=\"false\"><div class=\"wp-block-meinbuero22-faq-item__question\"><h3>Wann muss die Meldepflicht erf\u00fcllt werden?<\/h3><span class=\"icon icon-chevron\"><\/span><\/div><div class=\"wp-block-meinbuero22-faq-item__answer\">\n<p>F\u00fcr Ger\u00e4te, die vor dem 1. Juli 2025 gekauft, geleast oder gemietet werden, gibt es eine \u00dcbergangsfrist. Diese m\u00fcssen bis zum 31. Juli 2025 angemeldet werden. Elektronische Kassen, die ab Juli 2025 angeschafft werden, m\u00fcssen innerhalb eines Monats gemeldet werden.<\/p>\n\n\n\n<p>Danach m\u00fcssen alle \u00c4nderungen an den Kassen (z. B. Software- oder Hardware-Updates) ebenfalls gemeldet werden.<\/p>\n<\/div><\/div>\n\n\n\n<div id=\"faq-wer\" class=\"wp-block-meinbuero22-faq-item\" data-expanded=\"false\"><div class=\"wp-block-meinbuero22-faq-item__question\"><h3>Was passiert, wenn ich die Meldepflicht nicht erf\u00fclle?<\/h3><span class=\"icon icon-chevron\"><\/span><\/div><div class=\"wp-block-meinbuero22-faq-item__answer\">\n<p>Wer die Meldepflicht nicht erf\u00fcllt, riskiert Bu\u00dfgelder und m\u00f6glicherweise auch eine steuerliche Pr\u00fcfung durch das Finanzamt. Es ist daher wichtig, die Meldepflicht rechtzeitig zu erf\u00fcllen, um m\u00f6gliche rechtliche und finanzielle Konsequenzen zu vermeiden.<\/p>\n<\/div><\/div>\n\n\n\n<div id=\"faq-einfache-doppelte-buchfuehrung\" class=\"wp-block-meinbuero22-faq-item\" data-expanded=\"false\"><div class=\"wp-block-meinbuero22-faq-item__question\"><h3>Muss ich meine Kasse regelm\u00e4\u00dfig melden oder nur einmalig?<\/h3><span class=\"icon icon-chevron\"><\/span><\/div><div class=\"wp-block-meinbuero22-faq-item__answer\">\n<p>Die Meldung erfolgt grunds\u00e4tzlich einmalig bei der erstmaligen Inbetriebnahme der Kasse. Sollten sich jedoch wesentliche \u00c4nderungen an der Kasse (z. B. Softwareupdates, Austausch der Hardware) ergeben, muss dies ebenfalls gemeldet werden.<\/p>\n<\/div><\/div>\n\n\n\n<div id=\"faq-gobd\" class=\"wp-block-meinbuero22-faq-item\" data-expanded=\"false\"><div class=\"wp-block-meinbuero22-faq-item__question\"><h3>Welche Daten m\u00fcssen gemeldet werden?<\/h3><span class=\"icon icon-chevron\"><\/span><\/div><div class=\"wp-block-meinbuero22-faq-item__answer\">\n<p>Bei der Registrierung m\u00fcssen unter anderem folgende Daten angegeben werden:<\/p>\n\n\n\n<ul class=\"wp-block-list\">\n<li>Angaben zur verwendeten Zertifizierung der Kasse<\/li>\n\n\n\n<li>Art und Modell der Registrierkasse<\/li>\n\n\n\n<li>Seriennummer der Kasse oder des eingesetzten Ger\u00e4ts<\/li>\n\n\n\n<li>Version der Software<\/li>\n<\/ul>\n<\/div><\/div>\n\n\n\n<div id=\"faq-aufbewahrung\" class=\"wp-block-meinbuero22-faq-item\" data-expanded=\"false\"><div class=\"wp-block-meinbuero22-faq-item__question\"><h3>Wie funktioniert der kostenlose Test von WISO MeinB\u00fcro Desktop?<\/h3><span class=\"icon icon-chevron\"><\/span><\/div><div class=\"wp-block-meinbuero22-faq-item__answer\">\n<p>Mit dem <a href=\"https:\/\/www.buhl.de\/mein-buhlkonto\/?buhlparam=2020109\">kostenlosen Testzugang<\/a> k\u00f6nnen Sie WISO MeinB\u00fcro Desktop f\u00fcr 14 Tage in vollem Umfang nutzen \u2013 ohne Verpflichtungen oder Kosten.<\/p>\n<\/div><\/div>\n\n\n\n<div id=\"faq-doppelte-buchf\u00fchrung\" class=\"wp-block-meinbuero22-faq-item\" data-expanded=\"false\"><div class=\"wp-block-meinbuero22-faq-item__question\"><h3>Bieten wir auch die passende Kassenhardware an?<\/h3><span class=\"icon icon-chevron\"><\/span><\/div><div class=\"wp-block-meinbuero22-faq-item__answer\">\n<p>Ja, wir bieten dir neben der Software auch hochwertige Kassenhardware an, die perfekt auf die Anforderungen der Meldepflicht und deine speziellen Bed\u00fcrfnisse abgestimmt ist.<\/p>\n<\/div><\/div>\n<\/div>\n<\/div><\/section>\n\n\n\n<p><\/p>\n\n\n\n<div id=\"produkthinweise\" class=\"wp-block-group\"><div class=\"wp-block-group__inner-container is-layout-constrained wp-block-group-is-layout-constrained\">\n<div style=\"height:100px\" aria-hidden=\"true\" class=\"wp-block-spacer\"><\/div>\n\n\n\n<h3 class=\"wp-block-heading is-style-startseite\" id=\"produkthinweis\">Produkthinweise<\/h3>\n\n\n\n<div style=\"height:29px\" aria-hidden=\"true\" class=\"wp-block-spacer\"><\/div>\n\n\n\n<p id=\"produkthinweis-1\">1) Dieser Preis gilt pro Monat bei Abschluss eines Jahresabos. Das Abo wird j\u00e4hrlich im Voraus abgerechnet und kann jederzeit zum Ende des Vertragsjahres gek\u00fcndigt werden, ansonsten verl\u00e4ngert es sich jeweils automatisch um ein weiteres Jahr. Alle Preise sind netto zzgl. USt. Das Angebot richtet sich nur an Unternehmer (\u00a7 14 BGB) und nicht an Verbraucher (\u00a7 13 BGB).<\/p>\n\n\n\n<div style=\"height:100px\" aria-hidden=\"true\" class=\"wp-block-spacer\"><\/div>\n<\/div><\/div>\n","protected":false},"excerpt":{"rendered":"<p>WISO MeinB\u00fcro Desktop \u2013 effizient und intuitiv Erf\u00fclle die neuen Anforderungen m\u00fchelos! Das sagen unsere Kunden H\u00e4ufig gestellte Fragen Produkthinweise 1) Dieser Preis gilt pro Monat bei Abschluss eines Jahresabos. Das Abo wird j\u00e4hrlich im Voraus abgerechnet und kann jederzeit zum Ende des Vertragsjahres gek\u00fcndigt werden, ansonsten verl\u00e4ngert es sich jeweils automatisch um ein weiteres [&hellip;]<\/p>\n","protected":false},"author":263,"featured_media":0,"parent":0,"menu_order":0,"comment_status":"closed","ping_status":"closed","template":"page-templates\/gads-2025-mobile-menu.php","meta":{"_acf_changed":false,"footnotes":""},"class_list":["post-33000","page","type-page","status-publish","hentry"],"yoast_head":"<!-- This site is optimized with the Yoast SEO Premium plugin v27.4 (Yoast SEO v27.5) - https:\/\/yoast.com\/product\/yoast-seo-premium-wordpress\/ -->\n<title>Kassenmeldepflicht | WISO MeinB\u00fcro Desktop<\/title>\n<meta name=\"description\" content=\"Meldepflicht f\u00fcr Registrierkassen ab Juli 2025 \u2013 die einfache Hard-und Software L\u00f6sung f\u00fcr dein Unternehmen.\" \/>\n<meta name=\"robots\" content=\"noindex, nofollow\" \/>\n<meta property=\"og:locale\" content=\"de_DE\" \/>\n<meta property=\"og:type\" content=\"article\" \/>\n<meta property=\"og:title\" content=\"Kassenmeldepflicht | WISO MeinB\u00fcro Desktop\" \/>\n<meta property=\"og:description\" content=\"Meldepflicht f\u00fcr Registrierkasse \u2013 die einfache Hard-und Software L\u00f6sung f\u00fcr dein Unternehmen.\" \/>\n<meta property=\"og:url\" content=\"https:\/\/www.buhl.de\/buero\/kassenmeldepflicht-mbd\/\" \/>\n<meta property=\"og:site_name\" content=\"WISO MeinB\u00fcro\" \/>\n<meta property=\"article:modified_time\" content=\"2025-05-26T07:36:26+00:00\" \/>\n<meta property=\"og:image\" content=\"https:\/\/www.buhl.de\/buero\/wp-content\/uploads\/sites\/41\/2022\/03\/MB_Kasse-Header-2.0-scaled.webp\" \/>\n\t<meta property=\"og:image:width\" content=\"2560\" \/>\n\t<meta property=\"og:image:height\" content=\"1575\" \/>\n\t<meta property=\"og:image:type\" content=\"image\/webp\" \/>\n<meta name=\"twitter:card\" content=\"summary_large_image\" \/>\n<meta name=\"twitter:title\" content=\"Kassenmeldepflicht | WISO MeinB\u00fcro Desktop\" \/>\n<meta name=\"twitter:description\" content=\"Meldepflicht f\u00fcr Registrierkasse \u2013 die einfache Hard-und Software L\u00f6sung f\u00fcr dein Unternehmen.\" \/>\n<meta name=\"twitter:label1\" content=\"Gesch\u00e4tzte Lesezeit\" \/>\n\t<meta name=\"twitter:data1\" content=\"9\u00a0Minuten\" \/>\n<script type=\"application\/ld+json\" class=\"yoast-schema-graph\">{\"@context\":\"https:\\\/\\\/schema.org\",\"@graph\":[{\"@type\":\"WebPage\",\"@id\":\"https:\\\/\\\/www.buhl.de\\\/buero\\\/kassenmeldepflicht-mbd\\\/\",\"url\":\"https:\\\/\\\/www.buhl.de\\\/buero\\\/kassenmeldepflicht-mbd\\\/\",\"name\":\"Kassenmeldepflicht | WISO MeinB\u00fcro Desktop\",\"isPartOf\":{\"@id\":\"https:\\\/\\\/www.buhl.de\\\/buero\\\/#website\"},\"primaryImageOfPage\":{\"@id\":\"https:\\\/\\\/www.buhl.de\\\/buero\\\/kassenmeldepflicht-mbd\\\/#primaryimage\"},\"image\":{\"@id\":\"https:\\\/\\\/www.buhl.de\\\/buero\\\/kassenmeldepflicht-mbd\\\/#primaryimage\"},\"thumbnailUrl\":\"https:\\\/\\\/www.buhl.de\\\/buero\\\/wp-content\\\/uploads\\\/sites\\\/41\\\/2022\\\/03\\\/MB_Kasse-Header-2.0-scaled.webp\",\"datePublished\":\"2025-04-07T12:37:35+00:00\",\"dateModified\":\"2025-05-26T07:36:26+00:00\",\"description\":\"Meldepflicht f\u00fcr Registrierkassen ab Juli 2025 \u2013 die einfache Hard-und Software L\u00f6sung f\u00fcr dein Unternehmen.\",\"breadcrumb\":{\"@id\":\"https:\\\/\\\/www.buhl.de\\\/buero\\\/kassenmeldepflicht-mbd\\\/#breadcrumb\"},\"inLanguage\":\"de\",\"potentialAction\":[{\"@type\":\"ReadAction\",\"target\":[\"https:\\\/\\\/www.buhl.de\\\/buero\\\/kassenmeldepflicht-mbd\\\/\"]}]},{\"@type\":\"ImageObject\",\"inLanguage\":\"de\",\"@id\":\"https:\\\/\\\/www.buhl.de\\\/buero\\\/kassenmeldepflicht-mbd\\\/#primaryimage\",\"url\":\"https:\\\/\\\/www.buhl.de\\\/buero\\\/wp-content\\\/uploads\\\/sites\\\/41\\\/2022\\\/03\\\/MB_Kasse-Header-2.0-scaled.webp\",\"contentUrl\":\"https:\\\/\\\/www.buhl.de\\\/buero\\\/wp-content\\\/uploads\\\/sites\\\/41\\\/2022\\\/03\\\/MB_Kasse-Header-2.0-scaled.webp\",\"width\":2560,\"height\":1575,\"caption\":\"Frau an einer POS-Kasse mit eingeblendeter Bargeldmaske und Umsatzstatistik im Hintergrund\"},{\"@type\":\"BreadcrumbList\",\"@id\":\"https:\\\/\\\/www.buhl.de\\\/buero\\\/kassenmeldepflicht-mbd\\\/#breadcrumb\",\"itemListElement\":[{\"@type\":\"ListItem\",\"position\":1,\"name\":\"Startseite\",\"item\":\"https:\\\/\\\/www.buhl.de\\\/buero\\\/\"},{\"@type\":\"ListItem\",\"position\":2,\"name\":\"GADS | MB Desktop | Kassenmeldepflicht\"}]},{\"@type\":\"WebSite\",\"@id\":\"https:\\\/\\\/www.buhl.de\\\/buero\\\/#website\",\"url\":\"https:\\\/\\\/www.buhl.de\\\/buero\\\/\",\"name\":\"WISO MeinB\u00fcro\",\"description\":\"B\u00fcroarbeit zur Nebensache erkl\u00e4ren\",\"potentialAction\":[{\"@type\":\"SearchAction\",\"target\":{\"@type\":\"EntryPoint\",\"urlTemplate\":\"https:\\\/\\\/www.buhl.de\\\/buero\\\/?s={search_term_string}\"},\"query-input\":{\"@type\":\"PropertyValueSpecification\",\"valueRequired\":true,\"valueName\":\"search_term_string\"}}],\"inLanguage\":\"de\"}]}<\/script>\n<!-- \/ Yoast SEO Premium plugin. -->","yoast_head_json":{"title":"Kassenmeldepflicht | WISO MeinB\u00fcro Desktop","description":"Meldepflicht f\u00fcr Registrierkassen ab Juli 2025 \u2013 die einfache Hard-und Software L\u00f6sung f\u00fcr dein Unternehmen.","robots":{"index":"noindex","follow":"nofollow"},"og_locale":"de_DE","og_type":"article","og_title":"Kassenmeldepflicht | WISO MeinB\u00fcro Desktop","og_description":"Meldepflicht f\u00fcr Registrierkasse \u2013 die einfache Hard-und Software L\u00f6sung f\u00fcr dein Unternehmen.","og_url":"https:\/\/www.buhl.de\/buero\/kassenmeldepflicht-mbd\/","og_site_name":"WISO MeinB\u00fcro","article_modified_time":"2025-05-26T07:36:26+00:00","og_image":[{"width":2560,"height":1575,"url":"https:\/\/www.buhl.de\/buero\/wp-content\/uploads\/sites\/41\/2022\/03\/MB_Kasse-Header-2.0-scaled.webp","type":"image\/webp"}],"twitter_card":"summary_large_image","twitter_title":"Kassenmeldepflicht | WISO MeinB\u00fcro Desktop","twitter_description":"Meldepflicht f\u00fcr Registrierkasse \u2013 die einfache Hard-und Software L\u00f6sung f\u00fcr dein Unternehmen.","twitter_misc":{"Gesch\u00e4tzte Lesezeit":"9\u00a0Minuten"},"schema":{"@context":"https:\/\/schema.org","@graph":[{"@type":"WebPage","@id":"https:\/\/www.buhl.de\/buero\/kassenmeldepflicht-mbd\/","url":"https:\/\/www.buhl.de\/buero\/kassenmeldepflicht-mbd\/","name":"Kassenmeldepflicht | WISO MeinB\u00fcro Desktop","isPartOf":{"@id":"https:\/\/www.buhl.de\/buero\/#website"},"primaryImageOfPage":{"@id":"https:\/\/www.buhl.de\/buero\/kassenmeldepflicht-mbd\/#primaryimage"},"image":{"@id":"https:\/\/www.buhl.de\/buero\/kassenmeldepflicht-mbd\/#primaryimage"},"thumbnailUrl":"https:\/\/www.buhl.de\/buero\/wp-content\/uploads\/sites\/41\/2022\/03\/MB_Kasse-Header-2.0-scaled.webp","datePublished":"2025-04-07T12:37:35+00:00","dateModified":"2025-05-26T07:36:26+00:00","description":"Meldepflicht f\u00fcr Registrierkassen ab Juli 2025 \u2013 die einfache Hard-und Software L\u00f6sung f\u00fcr dein Unternehmen.","breadcrumb":{"@id":"https:\/\/www.buhl.de\/buero\/kassenmeldepflicht-mbd\/#breadcrumb"},"inLanguage":"de","potentialAction":[{"@type":"ReadAction","target":["https:\/\/www.buhl.de\/buero\/kassenmeldepflicht-mbd\/"]}]},{"@type":"ImageObject","inLanguage":"de","@id":"https:\/\/www.buhl.de\/buero\/kassenmeldepflicht-mbd\/#primaryimage","url":"https:\/\/www.buhl.de\/buero\/wp-content\/uploads\/sites\/41\/2022\/03\/MB_Kasse-Header-2.0-scaled.webp","contentUrl":"https:\/\/www.buhl.de\/buero\/wp-content\/uploads\/sites\/41\/2022\/03\/MB_Kasse-Header-2.0-scaled.webp","width":2560,"height":1575,"caption":"Frau an einer POS-Kasse mit eingeblendeter Bargeldmaske und Umsatzstatistik im Hintergrund"},{"@type":"BreadcrumbList","@id":"https:\/\/www.buhl.de\/buero\/kassenmeldepflicht-mbd\/#breadcrumb","itemListElement":[{"@type":"ListItem","position":1,"name":"Startseite","item":"https:\/\/www.buhl.de\/buero\/"},{"@type":"ListItem","position":2,"name":"GADS | MB Desktop | Kassenmeldepflicht"}]},{"@type":"WebSite","@id":"https:\/\/www.buhl.de\/buero\/#website","url":"https:\/\/www.buhl.de\/buero\/","name":"WISO MeinB\u00fcro","description":"B\u00fcroarbeit zur Nebensache erkl\u00e4ren","potentialAction":[{"@type":"SearchAction","target":{"@type":"EntryPoint","urlTemplate":"https:\/\/www.buhl.de\/buero\/?s={search_term_string}"},"query-input":{"@type":"PropertyValueSpecification","valueRequired":true,"valueName":"search_term_string"}}],"inLanguage":"de"}]}},"acf":[],"_links":{"self":[{"href":"https:\/\/www.buhl.de\/buero\/wp-json\/wp\/v2\/pages\/33000","targetHints":{"allow":["GET"]}}],"collection":[{"href":"https:\/\/www.buhl.de\/buero\/wp-json\/wp\/v2\/pages"}],"about":[{"href":"https:\/\/www.buhl.de\/buero\/wp-json\/wp\/v2\/types\/page"}],"author":[{"embeddable":true,"href":"https:\/\/www.buhl.de\/buero\/wp-json\/wp\/v2\/users\/263"}],"replies":[{"embeddable":true,"href":"https:\/\/www.buhl.de\/buero\/wp-json\/wp\/v2\/comments?post=33000"}],"version-history":[{"count":128,"href":"https:\/\/www.buhl.de\/buero\/wp-json\/wp\/v2\/pages\/33000\/revisions"}],"predecessor-version":[{"id":33612,"href":"https:\/\/www.buhl.de\/buero\/wp-json\/wp\/v2\/pages\/33000\/revisions\/33612"}],"wp:attachment":[{"href":"https:\/\/www.buhl.de\/buero\/wp-json\/wp\/v2\/media?parent=33000"}],"curies":[{"name":"wp","href":"https:\/\/api.w.org\/{rel}","templated":true}]}}