{"version":"1.0","provider_name":"Presseinformationen","provider_url":"https:\/\/www.buhl.de\/presse","title":"So reagieren die Bundesl\u00e4nder auf fehlende Grundsteuererkl\u00e4rungen","type":"rich","width":600,"height":338,"html":"<blockquote class=\"wp-embedded-content\" data-secret=\"8idw8SvGQb\"><a href=\"https:\/\/www.buhl.de\/presse\/so-reagieren-die-bundeslaender-auf-fehlende-grundsteuererklaerungen\/\">So reagieren die Bundesl\u00e4nder auf fehlende Grundsteuererkl\u00e4rungen<\/a><\/blockquote><iframe sandbox=\"allow-scripts\" security=\"restricted\" src=\"https:\/\/www.buhl.de\/presse\/so-reagieren-die-bundeslaender-auf-fehlende-grundsteuererklaerungen\/embed\/#?secret=8idw8SvGQb\" width=\"600\" height=\"338\" title=\"&#8222;So reagieren die Bundesl\u00e4nder auf fehlende Grundsteuererkl\u00e4rungen&#8220; &#8211; Presseinformationen\" data-secret=\"8idw8SvGQb\" frameborder=\"0\" marginwidth=\"0\" marginheight=\"0\" scrolling=\"no\" class=\"wp-embedded-content\"><\/iframe><script>\n\/*! This file is auto-generated *\/\n!function(d,l){\"use strict\";l.querySelector&&d.addEventListener&&\"undefined\"!=typeof URL&&(d.wp=d.wp||{},d.wp.receiveEmbedMessage||(d.wp.receiveEmbedMessage=function(e){var t=e.data;if((t||t.secret||t.message||t.value)&&!\/[^a-zA-Z0-9]\/.test(t.secret)){for(var s,r,n,a=l.querySelectorAll('iframe[data-secret=\"'+t.secret+'\"]'),o=l.querySelectorAll('blockquote[data-secret=\"'+t.secret+'\"]'),c=new RegExp(\"^https?:$\",\"i\"),i=0;i<o.length;i++)o[i].style.display=\"none\";for(i=0;i<a.length;i++)s=a[i],e.source===s.contentWindow&&(s.removeAttribute(\"style\"),\"height\"===t.message?(1e3<(r=parseInt(t.value,10))?r=1e3:~~r<200&&(r=200),s.height=r):\"link\"===t.message&&(r=new URL(s.getAttribute(\"src\")),n=new URL(t.value),c.test(n.protocol))&&n.host===r.host&&l.activeElement===s&&(d.top.location.href=t.value))}},d.addEventListener(\"message\",d.wp.receiveEmbedMessage,!1),l.addEventListener(\"DOMContentLoaded\",function(){for(var e,t,s=l.querySelectorAll(\"iframe.wp-embedded-content\"),r=0;r<s.length;r++)(t=(e=s[r]).getAttribute(\"data-secret\"))||(t=Math.random().toString(36).substring(2,12),e.src+=\"#?secret=\"+t,e.setAttribute(\"data-secret\",t)),e.contentWindow.postMessage({message:\"ready\",secret:t},\"*\")},!1)))}(window,document);\n\/\/# sourceURL=https:\/\/www.buhl.de\/presse\/wp-includes\/js\/wp-embed.min.js\n<\/script>\n","description":"Die Frist zur Abgabe der Grundsteuererkl\u00e4rung ist am 31. Januar 2023 abgelaufen. Noch immer fehlt bundesweit jede vierte Erkl\u00e4rung. Wie viele Erkl\u00e4rungen wurden bisher jeweils in den Bundesl\u00e4ndern abgegeben? Wie gehen die einzelnen Bundesl\u00e4nder mit den Nachz\u00fcglern um? Wo drohen welche Strafen? Das Team von WISO Steuer, zu dem auch die Online-Anwendung WISO Grundsteuer geh\u00f6rt, &hellip; weiterlesen &rarr;"}