{"version":"1.0","provider_name":"Online-Nebenkostenabrechnung mit WISO Vermieter-Web","provider_url":"https:\/\/www.buhl.de\/vermieter-web","title":"Aus f\u00fcr Kamin\u00f6fen?","type":"rich","width":600,"height":338,"html":"<blockquote class=\"wp-embedded-content\" data-secret=\"YGiWZMnE1V\"><a href=\"https:\/\/www.buhl.de\/vermieter-web\/aus-fuer-kaminoefen\/\">Aus f\u00fcr Kamin\u00f6fen?<\/a><\/blockquote><iframe sandbox=\"allow-scripts\" security=\"restricted\" src=\"https:\/\/www.buhl.de\/vermieter-web\/aus-fuer-kaminoefen\/embed\/#?secret=YGiWZMnE1V\" width=\"600\" height=\"338\" title=\"&#8222;Aus f\u00fcr Kamin\u00f6fen?&#8220; &#8211; Online-Nebenkostenabrechnung mit WISO Vermieter-Web\" data-secret=\"YGiWZMnE1V\" frameborder=\"0\" marginwidth=\"0\" marginheight=\"0\" scrolling=\"no\" class=\"wp-embedded-content\"><\/iframe><script>\n\/*! This file is auto-generated *\/\n!function(d,l){\"use strict\";l.querySelector&&d.addEventListener&&\"undefined\"!=typeof URL&&(d.wp=d.wp||{},d.wp.receiveEmbedMessage||(d.wp.receiveEmbedMessage=function(e){var t=e.data;if((t||t.secret||t.message||t.value)&&!\/[^a-zA-Z0-9]\/.test(t.secret)){for(var s,r,n,a=l.querySelectorAll('iframe[data-secret=\"'+t.secret+'\"]'),o=l.querySelectorAll('blockquote[data-secret=\"'+t.secret+'\"]'),c=new RegExp(\"^https?:$\",\"i\"),i=0;i<o.length;i++)o[i].style.display=\"none\";for(i=0;i<a.length;i++)s=a[i],e.source===s.contentWindow&&(s.removeAttribute(\"style\"),\"height\"===t.message?(1e3<(r=parseInt(t.value,10))?r=1e3:~~r<200&&(r=200),s.height=r):\"link\"===t.message&&(r=new URL(s.getAttribute(\"src\")),n=new URL(t.value),c.test(n.protocol))&&n.host===r.host&&l.activeElement===s&&(d.top.location.href=t.value))}},d.addEventListener(\"message\",d.wp.receiveEmbedMessage,!1),l.addEventListener(\"DOMContentLoaded\",function(){for(var e,t,s=l.querySelectorAll(\"iframe.wp-embedded-content\"),r=0;r<s.length;r++)(t=(e=s[r]).getAttribute(\"data-secret\"))||(t=Math.random().toString(36).substring(2,12),e.src+=\"#?secret=\"+t,e.setAttribute(\"data-secret\",t)),e.contentWindow.postMessage({message:\"ready\",secret:t},\"*\")},!1)))}(window,document);\n\/\/# sourceURL=https:\/\/www.buhl.de\/vermieter-web\/wp-includes\/js\/wp-embed.min.js\n<\/script>\n","thumbnail_url":"https:\/\/www.buhl.de\/vermieter-web\/wp-content\/uploads\/sites\/33\/2020\/08\/shutterstock_249022924.jpg","thumbnail_width":840,"thumbnail_height":420,"description":"F\u00fcr viele Kamin\u00f6fen d\u00fcrfte am 31.12.2020 das \u201eAus\u201c kommen. Nach den \u00dcbergangsfristen, die im \u00a7 26 der 1. BlmSchV (Erste Verordnung zur Durchf\u00fchrung des Bundes-Immissionsschutzgesetzes Verordnung \u00fcber kleine und mittlere Feuerungsanlagen) m\u00fcssen \u00d6fen, die mit dem Betriebsdatum (auf dem Typenschild) Januar 1985 bis Dezember 1994 versehen sind, entweder nachger\u00fcstet oder stillgelegt werden. F\u00fcr alle Kamin\u00f6fen, &hellip; \u201e\u201c weiterlesen"}