{"version":"1.0","provider_name":"Online-Nebenkostenabrechnung mit WISO Vermieter-Web","provider_url":"https:\/\/www.buhl.de\/vermieter-web","title":"Baul\u00e4rm: Mietminderung auch in Gro\u00dfst\u00e4dten m\u00f6glich","type":"rich","width":600,"height":338,"html":"<blockquote class=\"wp-embedded-content\" data-secret=\"RXms1jvHNA\"><a href=\"https:\/\/www.buhl.de\/vermieter-web\/baulaerm-mietminderung-auch-in-grossstaedten-moeglich\/\">Baul\u00e4rm: Mietminderung auch in Gro\u00dfst\u00e4dten m\u00f6glich<\/a><\/blockquote><iframe sandbox=\"allow-scripts\" security=\"restricted\" src=\"https:\/\/www.buhl.de\/vermieter-web\/baulaerm-mietminderung-auch-in-grossstaedten-moeglich\/embed\/#?secret=RXms1jvHNA\" width=\"600\" height=\"338\" title=\"&#8222;Baul\u00e4rm: Mietminderung auch in Gro\u00dfst\u00e4dten m\u00f6glich&#8220; &#8211; Online-Nebenkostenabrechnung mit WISO Vermieter-Web\" data-secret=\"RXms1jvHNA\" frameborder=\"0\" marginwidth=\"0\" marginheight=\"0\" scrolling=\"no\" class=\"wp-embedded-content\"><\/iframe><script>\n\/*! This file is auto-generated *\/\n!function(d,l){\"use strict\";l.querySelector&&d.addEventListener&&\"undefined\"!=typeof URL&&(d.wp=d.wp||{},d.wp.receiveEmbedMessage||(d.wp.receiveEmbedMessage=function(e){var t=e.data;if((t||t.secret||t.message||t.value)&&!\/[^a-zA-Z0-9]\/.test(t.secret)){for(var s,r,n,a=l.querySelectorAll('iframe[data-secret=\"'+t.secret+'\"]'),o=l.querySelectorAll('blockquote[data-secret=\"'+t.secret+'\"]'),c=new RegExp(\"^https?:$\",\"i\"),i=0;i<o.length;i++)o[i].style.display=\"none\";for(i=0;i<a.length;i++)s=a[i],e.source===s.contentWindow&&(s.removeAttribute(\"style\"),\"height\"===t.message?(1e3<(r=parseInt(t.value,10))?r=1e3:~~r<200&&(r=200),s.height=r):\"link\"===t.message&&(r=new URL(s.getAttribute(\"src\")),n=new URL(t.value),c.test(n.protocol))&&n.host===r.host&&l.activeElement===s&&(d.top.location.href=t.value))}},d.addEventListener(\"message\",d.wp.receiveEmbedMessage,!1),l.addEventListener(\"DOMContentLoaded\",function(){for(var e,t,s=l.querySelectorAll(\"iframe.wp-embedded-content\"),r=0;r<s.length;r++)(t=(e=s[r]).getAttribute(\"data-secret\"))||(t=Math.random().toString(36).substring(2,12),e.src+=\"#?secret=\"+t,e.setAttribute(\"data-secret\",t)),e.contentWindow.postMessage({message:\"ready\",secret:t},\"*\")},!1)))}(window,document);\n\/\/# sourceURL=https:\/\/www.buhl.de\/vermieter-web\/wp-includes\/js\/wp-embed.min.js\n<\/script>\n","thumbnail_url":"https:\/\/www.buhl.de\/vermieter-web\/wp-content\/uploads\/sites\/33\/2018\/12\/krach.jpg","thumbnail_width":840,"thumbnail_height":420,"description":"Obwohl in Gro\u00dfst\u00e4dten grunds\u00e4tzlich mit verst\u00e4rktem Baul\u00e4rm gerechnet werden muss, schlie\u00dft dies nicht die M\u00f6glichkeit des Mieters aus, die Miete wegen \u00fcberm\u00e4\u00dfiger Baul\u00e4rmbel\u00e4stigung zu mindern. So der Tenor eines Urteils des Amtsgerichts M\u00fcnchen vom 01.02.2018 (Aktenzeichen 472 C 18927\/16)."}