{"version":"1.0","provider_name":"Online-Nebenkostenabrechnung mit WISO Vermieter-Web","provider_url":"https:\/\/www.buhl.de\/vermieter-web","title":"Gesch\u00e4ftsr\u00e4ume sind keine Wohnr\u00e4ume","type":"rich","width":600,"height":338,"html":"<blockquote class=\"wp-embedded-content\" data-secret=\"Y4r7IGFJDH\"><a href=\"https:\/\/www.buhl.de\/vermieter-web\/geschaeftsraeume-sind-keine-wohnraeume\/\">Gesch\u00e4ftsr\u00e4ume sind keine Wohnr\u00e4ume<\/a><\/blockquote><iframe sandbox=\"allow-scripts\" security=\"restricted\" src=\"https:\/\/www.buhl.de\/vermieter-web\/geschaeftsraeume-sind-keine-wohnraeume\/embed\/#?secret=Y4r7IGFJDH\" width=\"600\" height=\"338\" title=\"&#8222;Gesch\u00e4ftsr\u00e4ume sind keine Wohnr\u00e4ume&#8220; &#8211; Online-Nebenkostenabrechnung mit WISO Vermieter-Web\" data-secret=\"Y4r7IGFJDH\" frameborder=\"0\" marginwidth=\"0\" marginheight=\"0\" scrolling=\"no\" class=\"wp-embedded-content\"><\/iframe><script>\n\/*! This file is auto-generated *\/\n!function(d,l){\"use strict\";l.querySelector&&d.addEventListener&&\"undefined\"!=typeof URL&&(d.wp=d.wp||{},d.wp.receiveEmbedMessage||(d.wp.receiveEmbedMessage=function(e){var t=e.data;if((t||t.secret||t.message||t.value)&&!\/[^a-zA-Z0-9]\/.test(t.secret)){for(var s,r,n,a=l.querySelectorAll('iframe[data-secret=\"'+t.secret+'\"]'),o=l.querySelectorAll('blockquote[data-secret=\"'+t.secret+'\"]'),c=new RegExp(\"^https?:$\",\"i\"),i=0;i<o.length;i++)o[i].style.display=\"none\";for(i=0;i<a.length;i++)s=a[i],e.source===s.contentWindow&&(s.removeAttribute(\"style\"),\"height\"===t.message?(1e3<(r=parseInt(t.value,10))?r=1e3:~~r<200&&(r=200),s.height=r):\"link\"===t.message&&(r=new URL(s.getAttribute(\"src\")),n=new URL(t.value),c.test(n.protocol))&&n.host===r.host&&l.activeElement===s&&(d.top.location.href=t.value))}},d.addEventListener(\"message\",d.wp.receiveEmbedMessage,!1),l.addEventListener(\"DOMContentLoaded\",function(){for(var e,t,s=l.querySelectorAll(\"iframe.wp-embedded-content\"),r=0;r<s.length;r++)(t=(e=s[r]).getAttribute(\"data-secret\"))||(t=Math.random().toString(36).substring(2,12),e.src+=\"#?secret=\"+t,e.setAttribute(\"data-secret\",t)),e.contentWindow.postMessage({message:\"ready\",secret:t},\"*\")},!1)))}(window,document);\n\/\/# sourceURL=https:\/\/www.buhl.de\/vermieter-web\/wp-includes\/js\/wp-embed.min.js\n<\/script>\n","thumbnail_url":"https:\/\/www.buhl.de\/vermieter-web\/wp-content\/uploads\/sites\/33\/2019\/03\/bittenicht.jpg","thumbnail_width":840,"thumbnail_height":420,"description":"Werden R\u00e4ume f\u00fcr gewerbliche Zwecke angemietet, d\u00fcrfen diese ohne die ausdr\u00fcckliche Genehmigung des Vermieters nicht zu Wohnzwecken genutzt werden. Der Anspruch des Vermieters auf vertragliche Nutzung verj\u00e4hrt w\u00e4hrend des Mietverh\u00e4ltnisses nicht."}