{"version":"1.0","provider_name":"Online-Nebenkostenabrechnung mit WISO Vermieter-Web","provider_url":"https:\/\/www.buhl.de\/vermieter-web","title":"Pr\u00fcfungsordnung f\u00fcr zertifizierten Verwalter kommt","type":"rich","width":600,"height":338,"html":"<blockquote class=\"wp-embedded-content\" data-secret=\"bsuoh8d90K\"><a href=\"https:\/\/www.buhl.de\/vermieter-web\/pruefungsordnung-fuer-zertifizierten-verwalter-kommt\/\">Pr\u00fcfungsordnung f\u00fcr zertifizierten Verwalter kommt<\/a><\/blockquote><iframe sandbox=\"allow-scripts\" security=\"restricted\" src=\"https:\/\/www.buhl.de\/vermieter-web\/pruefungsordnung-fuer-zertifizierten-verwalter-kommt\/embed\/#?secret=bsuoh8d90K\" width=\"600\" height=\"338\" title=\"&#8222;Pr\u00fcfungsordnung f\u00fcr zertifizierten Verwalter kommt&#8220; &#8211; Online-Nebenkostenabrechnung mit WISO Vermieter-Web\" data-secret=\"bsuoh8d90K\" frameborder=\"0\" marginwidth=\"0\" marginheight=\"0\" scrolling=\"no\" class=\"wp-embedded-content\"><\/iframe><script>\n\/*! This file is auto-generated *\/\n!function(d,l){\"use strict\";l.querySelector&&d.addEventListener&&\"undefined\"!=typeof URL&&(d.wp=d.wp||{},d.wp.receiveEmbedMessage||(d.wp.receiveEmbedMessage=function(e){var t=e.data;if((t||t.secret||t.message||t.value)&&!\/[^a-zA-Z0-9]\/.test(t.secret)){for(var s,r,n,a=l.querySelectorAll('iframe[data-secret=\"'+t.secret+'\"]'),o=l.querySelectorAll('blockquote[data-secret=\"'+t.secret+'\"]'),c=new RegExp(\"^https?:$\",\"i\"),i=0;i<o.length;i++)o[i].style.display=\"none\";for(i=0;i<a.length;i++)s=a[i],e.source===s.contentWindow&&(s.removeAttribute(\"style\"),\"height\"===t.message?(1e3<(r=parseInt(t.value,10))?r=1e3:~~r<200&&(r=200),s.height=r):\"link\"===t.message&&(r=new URL(s.getAttribute(\"src\")),n=new URL(t.value),c.test(n.protocol))&&n.host===r.host&&l.activeElement===s&&(d.top.location.href=t.value))}},d.addEventListener(\"message\",d.wp.receiveEmbedMessage,!1),l.addEventListener(\"DOMContentLoaded\",function(){for(var e,t,s=l.querySelectorAll(\"iframe.wp-embedded-content\"),r=0;r<s.length;r++)(t=(e=s[r]).getAttribute(\"data-secret\"))||(t=Math.random().toString(36).substring(2,12),e.src+=\"#?secret=\"+t,e.setAttribute(\"data-secret\",t)),e.contentWindow.postMessage({message:\"ready\",secret:t},\"*\")},!1)))}(window,document);\n\/\/# sourceURL=https:\/\/www.buhl.de\/vermieter-web\/wp-includes\/js\/wp-embed.min.js\n<\/script>\n","thumbnail_url":"https:\/\/www.buhl.de\/vermieter-web\/wp-content\/uploads\/sites\/33\/2021\/11\/Eilmeldung.jpg","thumbnail_width":839,"thumbnail_height":416,"description":"Am 26.11.2021 hat der Bundesrat einer Regierungsverordnung zugestimmt, die die Pr\u00fcfung zum zertifizierten Verwalter nach dem Wohnungseigentumsgesetz WEG regelt. Allerdings ist die Zustimmung an Bedingungen gekn\u00fcpft. Setzt die Bundesregierung diese \u00c4nderungen um, kann sie die Verordnung wie geplant am Tag nach der Verk\u00fcndung in Kraft setzen. Nachweis bei IHK Rechtsgrundlage f\u00fcr die Verordnung ist die &hellip; \u201e\u201c weiterlesen"}