{"version":"1.0","provider_name":"Online-Nebenkostenabrechnung mit WISO Vermieter-Web","provider_url":"https:\/\/www.buhl.de\/vermieter-web","title":"Transparenzgebot und Strompreiserh\u00f6hung","type":"rich","width":600,"height":338,"html":"<blockquote class=\"wp-embedded-content\" data-secret=\"jiUx5WD7J2\"><a href=\"https:\/\/www.buhl.de\/vermieter-web\/transparenzgebot-und-strompreiserhoehung\/\">Transparenzgebot und Strompreiserh\u00f6hung<\/a><\/blockquote><iframe sandbox=\"allow-scripts\" security=\"restricted\" src=\"https:\/\/www.buhl.de\/vermieter-web\/transparenzgebot-und-strompreiserhoehung\/embed\/#?secret=jiUx5WD7J2\" width=\"600\" height=\"338\" title=\"&#8222;Transparenzgebot und Strompreiserh\u00f6hung&#8220; &#8211; Online-Nebenkostenabrechnung mit WISO Vermieter-Web\" data-secret=\"jiUx5WD7J2\" frameborder=\"0\" marginwidth=\"0\" marginheight=\"0\" scrolling=\"no\" class=\"wp-embedded-content\"><\/iframe><script>\n\/*! This file is auto-generated *\/\n!function(d,l){\"use strict\";l.querySelector&&d.addEventListener&&\"undefined\"!=typeof URL&&(d.wp=d.wp||{},d.wp.receiveEmbedMessage||(d.wp.receiveEmbedMessage=function(e){var t=e.data;if((t||t.secret||t.message||t.value)&&!\/[^a-zA-Z0-9]\/.test(t.secret)){for(var s,r,n,a=l.querySelectorAll('iframe[data-secret=\"'+t.secret+'\"]'),o=l.querySelectorAll('blockquote[data-secret=\"'+t.secret+'\"]'),c=new RegExp(\"^https?:$\",\"i\"),i=0;i<o.length;i++)o[i].style.display=\"none\";for(i=0;i<a.length;i++)s=a[i],e.source===s.contentWindow&&(s.removeAttribute(\"style\"),\"height\"===t.message?(1e3<(r=parseInt(t.value,10))?r=1e3:~~r<200&&(r=200),s.height=r):\"link\"===t.message&&(r=new URL(s.getAttribute(\"src\")),n=new URL(t.value),c.test(n.protocol))&&n.host===r.host&&l.activeElement===s&&(d.top.location.href=t.value))}},d.addEventListener(\"message\",d.wp.receiveEmbedMessage,!1),l.addEventListener(\"DOMContentLoaded\",function(){for(var e,t,s=l.querySelectorAll(\"iframe.wp-embedded-content\"),r=0;r<s.length;r++)(t=(e=s[r]).getAttribute(\"data-secret\"))||(t=Math.random().toString(36).substring(2,12),e.src+=\"#?secret=\"+t,e.setAttribute(\"data-secret\",t)),e.contentWindow.postMessage({message:\"ready\",secret:t},\"*\")},!1)))}(window,document);\n\/\/# sourceURL=https:\/\/www.buhl.de\/vermieter-web\/wp-includes\/js\/wp-embed.min.js\n<\/script>\n","thumbnail_url":"https:\/\/www.buhl.de\/vermieter-web\/wp-content\/uploads\/sites\/33\/2020\/06\/steckdose.jpg","thumbnail_width":846,"thumbnail_height":422,"description":"Bei der Erh\u00f6hung von Strompreisen hat der Kunde in den meisten F\u00e4llen die M\u00f6glichkeit, ein Sonderk\u00fcndigungsrecht auszu\u00fcben. Da dieses K\u00fcndigungsrecht zeitlich begrenzt ist, d\u00fcrfen die Anbieter die Erh\u00f6hung nicht unter anderen Informationen \u201everstecken\u201c.\u00a0 Sie m\u00fcssen den Kunden so informieren, dass dieser pr\u00fcfen kann, ob er von seinem Sonderk\u00fcndigungsrecht Gebrauch machen will oder nicht. Das stellte &hellip; \u201e\u201c weiterlesen"}